{"id":48,"date":"2024-07-30T16:07:10","date_gmt":"2024-07-30T14:07:10","guid":{"rendered":"https:\/\/rafadvisory.cz\/cs\/?page_id=48"},"modified":"2025-11-19T10:01:04","modified_gmt":"2025-11-19T09:01:04","slug":"o-nas","status":"publish","type":"page","link":"https:\/\/www.rafadvisory.cz\/cs\/o-nas\/","title":{"rendered":"O n\u00e1s"},"content":{"rendered":"<section class=\"l-section wpb_row us_custom_bba73e7a height_auto with_img\"><div class=\"l-section-img\" role=\"img\" aria-label=\"Obr\u00e1zek\" data-img-width=\"1900\" data-img-height=\"500\" style=\"background-image: url(https:\/\/www.rafadvisory.cz\/cs\/wp-content\/uploads\/sites\/4\/2024\/09\/raf-advisory-background-2.webp);background-position: bottom center;background-repeat: no-repeat;\"><\/div><div class=\"l-section-overlay\" style=\"background:linear-gradient(180deg, rgba(39,45,55,1) 0%, rgba(39,45,55,0.65) 20%, rgba(39,45,55,0.5) 60%)\"><\/div><div class=\"l-section-h i-cf\"><div class=\"g-cols vc_row via_flex valign_middle type_default stacking_default\"><div class=\"vc_col-sm-12 wpb_column vc_column_container\"><div class=\"vc_column-inner us_custom_cc86f0e2\"><div class=\"wpb_wrapper\"><div class=\"wpb_text_column us_custom_c35b4281 has_text_color\"><div class=\"wpb_wrapper\"><h1>O n\u00e1s<\/h1>\n<\/div><\/div><div class=\"w-separator size_custom\" style=\"height:70px\"><\/div><\/div><\/div><\/div><\/div><\/div><\/section><section class=\"l-section wpb_row us_custom_a9a41e6d height_auto width_full\"><div class=\"l-section-h i-cf\"><div class=\"g-cols vc_row via_flex valign_top type_default stacking_default\"><div class=\"vc_col-sm-12 wpb_column vc_column_container\"><div class=\"vc_column-inner us_custom_079ed7e6\"><div class=\"vc_column-overlay\" style=\"background:#ffffff\"><\/div><div class=\"wpb_wrapper\"><\/div><\/div><\/div><\/div><\/div><\/section><section class=\"l-section wpb_row us_custom_a61e2493 height_auto\"><div class=\"l-section-overlay\" style=\"background:var(--color-content-bg)\"><\/div><div class=\"l-section-h i-cf\"><div class=\"g-cols vc_row via_flex valign_top type_default stacking_default\"><div class=\"vc_col-sm-12 wpb_column vc_column_container\"><div class=\"vc_column-inner\"><div class=\"wpb_wrapper\"><div class=\"wpb_text_column us_custom_662ebc05\"><div class=\"wpb_wrapper\"><p>RAF Advisory je \u010desk\u00e1 butikov\u00e1 realitn\u00ed agentura, kter\u00e1 se sv\u00fdmi slu\u017ebami v&nbsp;oblasti pron\u00e1jmu a&nbsp;spr\u00e1vy retailov\u00fdch prostor\u016f pat\u0159\u00ed mezi nejv\u00fdznamn\u011bj\u0161\u00ed hr\u00e1\u010de na trhu v&nbsp;\u010cesk\u00e9 republice a&nbsp;na Slovensku. Od sv\u00e9ho zalo\u017een\u00ed v&nbsp;roce 2020 se rychle etablovala jako jedna z&nbsp;nej\u00fasp\u011b\u0161n\u011bj\u0161\u00edch agentur sv\u00e9ho druhu. Agenturu vedou t\u0159i partne\u0159i, kte\u0159\u00ed pat\u0159\u00ed k&nbsp;nejzku\u0161en\u011bj\u0161\u00edm profesion\u00e1l\u016fm v&nbsp;oboru&#8230; Cel\u00fd t\u00fdm RAF je nyn\u00ed slo\u017een z&nbsp;p\u011bti vysoce kvalifikovan\u00fdch odborn\u00edk\u016f a&nbsp;st\u00e1le roste&#8230;<\/p>\n<\/div><\/div><div class=\"w-separator size_medium\"><\/div><h2 class=\"w-text us_custom_eb849559\"><span class=\"w-text-h\"><span class=\"w-text-value\">Kdo za RAF Advisory stoj\u00ed<\/span><\/span><\/h2><div class=\"w-separator size_small\"><\/div><div class=\"w-image us_custom_5e8a7298 align_none\"><div class=\"w-image-h\"><img decoding=\"async\" width=\"1200\" height=\"707\" src=\"https:\/\/www.rafadvisory.cz\/cs\/wp-content\/uploads\/sites\/4\/2024\/11\/raf-advisory-tym.webp\" class=\"attachment-full size-full\" alt=\"RAF Advisory t\u00fdm\" loading=\"lazy\" srcset=\"https:\/\/www.rafadvisory.cz\/cs\/wp-content\/uploads\/sites\/4\/2024\/11\/raf-advisory-tym.webp 1200w, https:\/\/www.rafadvisory.cz\/cs\/wp-content\/uploads\/sites\/4\/2024\/11\/raf-advisory-tym-300x177.webp 300w, https:\/\/www.rafadvisory.cz\/cs\/wp-content\/uploads\/sites\/4\/2024\/11\/raf-advisory-tym-1024x603.webp 1024w\" sizes=\"auto, (max-width: 1200px) 100vw, 1200px\" \/><\/div><\/div><div class=\"w-separator size_small\"><\/div><div class=\"g-cols wpb_row us_custom_46fbdc41 us_animate_this via_flex valign_middle type_boxes stacking_default\"><div class=\"vc_col-sm-6 vc_col-md-4 wpb_column vc_column_container has_bg_color\"><div class=\"vc_column-inner us_custom_60d5f6a4\"><div class=\"wpb_wrapper\"><\/div><\/div><\/div><div class=\"vc_col-sm-6 vc_col-md-8 wpb_column vc_column_container\"><div class=\"vc_column-inner us_custom_e99ad3b4\"><div class=\"wpb_wrapper\"><div class=\"w-hwrapper us_custom_b5445c86 medailonek valign_middle wrap default_align_justify laptops_align_justify tablets_align_left mobiles_align_left\" style=\"--hwrapper-gap:1rem\"><div class=\"w-vwrapper align_none valign_middle\" style=\"--vwrapper-gap:0rem\"><div class=\"wpb_text_column\"><div class=\"wpb_wrapper\"><h3>Petr Kouble<\/h3>\n<\/div><\/div><div class=\"w-text us_custom_20a271c6\"><span class=\"w-text-h\"><span class=\"w-text-value\">Partner<\/span><\/span><\/div><\/div><div class=\"w-socials us_custom_6b888f2b socky-o-nas color_link shape_circle style_colored hover_fade\"><div class=\"w-socials-list\"><div class=\"w-socials-item linkedin\"><a target=\"_blank\" href=\"https:\/\/www.linkedin.com\/in\/petr-kouble-raf-advisory\/\" class=\"w-socials-item-link\" aria-label=\"LinkedIn\" rel=\"noopener\"><span class=\"w-socials-item-link-hover\"><\/span><i class=\"fab fa-linkedin\"><\/i><\/a><\/div><\/div><\/div><\/div><div class=\"w-separator hide_on_tablets size_custom\" style=\"height:1rem\"><\/div><div class=\"wpb_text_column text-o-nas hide_on_tablets with_collapsible_content\" data-content-height=\"68px\"><div class=\"wpb_wrapper\"><p>Petr zah\u00e1jil svou kari\u00e9ru v&nbsp;realitn\u00edm sektoru v&nbsp;roce 2008, kdy nastoupil do t\u00fdmu pron\u00e1jmu maloobchodn\u00edch prostor ve spole\u010dnosti Cushman &amp; Wakefield, kde bylo jeho hlavn\u00edm \u00fakolem pronaj\u00edmat vybran\u00e1 pr\u00e9miov\u00e1 obchodn\u00ed centra v&nbsp;\u010cesk\u00e9 republice a&nbsp;na Slovensku. Petr z\u00edskal rozs\u00e1hl\u00e9 zku\u0161enosti s&nbsp;prac\u00ed pro m\u00edstn\u00ed i&nbsp;mezin\u00e1rodn\u00ed klienty\/vlastn\u00edky obchodn\u00edch center, jako nap\u0159.&nbsp;ING Real Estate Investment Management, Hannover Leasing, CPJ Invest, Crestyl, Inter IKEA a&nbsp;dal\u0161\u00ed.<\/p>\n<p>Po t\u0159ech letech v&nbsp;C&amp;W se Petr p\u0159esunul na stranu klienta a&nbsp;n\u00e1sleduj\u00edc\u00edch osm let pracoval jako business development manager pro spole\u010dnost Naturhouse, kde byl zodpov\u011bdn\u00fd za cel\u00fd proces expanze, zaji\u0161\u0165ov\u00e1n\u00ed nov\u00fdch fran\u0161\u00edzov\u00fdch partner\u016f a&nbsp;pod\u00edlel se na managementu portfolia celkem 140 prodejen v&nbsp;\u010cesk\u00e9 republice a&nbsp;na Slovensku.<\/p>\n<p>V roce 2020 Petr zalo\u017eil spole\u010dnost RAF Advisory, butikovou realitn\u00ed agenturu zam\u011b\u0159enou na pron\u00e1jem maloobchodn\u00edch prostor, zastupov\u00e1n\u00ed maloobchodn\u00edch n\u00e1jemc\u016f a&nbsp;poradenstv\u00ed v&nbsp;oblasti spr\u00e1vy portfolia.<\/p>\n<\/div><div class=\"toggle-links align_none\"><button class=\"collapsible-content-more\">V\u00edce informac\u00ed<\/button><button class=\"collapsible-content-less\">M\u00e9n\u011b informac\u00ed<\/button><\/div><\/div><\/div><\/div><\/div><div class=\"vc_col-sm-12 wpb_column vc_column_container hide_on_default hide_on_laptops hide_on_mobiles\"><div class=\"vc_column-inner us_custom_2d32c5b4\"><div class=\"wpb_wrapper\"><div class=\"wpb_text_column text-o-nas with_collapsible_content\" data-content-height=\"68px\"><div class=\"wpb_wrapper\"><p>Petr zah\u00e1jil svou kari\u00e9ru v&nbsp;realitn\u00edm sektoru v&nbsp;roce 2008, kdy nastoupil do t\u00fdmu pron\u00e1jmu maloobchodn\u00edch prostor ve spole\u010dnosti Cushman &amp; Wakefield, kde bylo jeho hlavn\u00edm \u00fakolem pronaj\u00edmat vybran\u00e1 pr\u00e9miov\u00e1 obchodn\u00ed centra v&nbsp;\u010cesk\u00e9 republice a&nbsp;na Slovensku. Petr z\u00edskal rozs\u00e1hl\u00e9 zku\u0161enosti s&nbsp;prac\u00ed pro m\u00edstn\u00ed i&nbsp;mezin\u00e1rodn\u00ed klienty\/vlastn\u00edky obchodn\u00edch center, jako nap\u0159.&nbsp;ING Real Estate Investment Management, Hannover Leasing, CPJ Invest, Crestyl, Inter IKEA a&nbsp;dal\u0161\u00ed.<\/p>\n<p>Po t\u0159ech letech v&nbsp;C&amp;W se Petr p\u0159esunul na stranu klienta a&nbsp;n\u00e1sleduj\u00edc\u00edch osm let pracoval jako business development manager pro spole\u010dnost Naturhouse, kde byl zodpov\u011bdn\u00fd za cel\u00fd proces expanze, zaji\u0161\u0165ov\u00e1n\u00ed nov\u00fdch fran\u0161\u00edzov\u00fdch partner\u016f a&nbsp;pod\u00edlel se na managementu portfolia celkem 140 prodejen v&nbsp;\u010cesk\u00e9 republice a&nbsp;na Slovensku.<\/p>\n<p>V roce 2020 Petr zalo\u017eil spole\u010dnost RAF Advisory, butikovou realitn\u00ed agenturu zam\u011b\u0159enou na pron\u00e1jem maloobchodn\u00edch prostor, zastupov\u00e1n\u00ed maloobchodn\u00edch n\u00e1jemc\u016f a&nbsp;poradenstv\u00ed v&nbsp;oblasti spr\u00e1vy portfolia.<\/p>\n<\/div><div class=\"toggle-links align_none\"><button class=\"collapsible-content-more\">V\u00edce informac\u00ed<\/button><button class=\"collapsible-content-less\">M\u00e9n\u011b informac\u00ed<\/button><\/div><\/div><\/div><\/div><\/div><\/div><div class=\"w-separator size_custom\" style=\"height:1rem\"><\/div><div class=\"g-cols wpb_row us_custom_44390759 us_animate_this via_flex valign_middle type_boxes stacking_default\"><div class=\"vc_col-sm-6 vc_col-md-4 wpb_column vc_column_container has_bg_color\"><div class=\"vc_column-inner us_custom_e19421b7\"><div class=\"wpb_wrapper\"><\/div><\/div><\/div><div class=\"vc_col-sm-6 vc_col-md-8 wpb_column vc_column_container\"><div class=\"vc_column-inner us_custom_e99ad3b4\"><div class=\"wpb_wrapper\"><div class=\"w-hwrapper us_custom_b5445c86 medailonek valign_middle wrap default_align_justify laptops_align_justify tablets_align_left mobiles_align_left\" style=\"--hwrapper-gap:1rem\"><div class=\"w-vwrapper align_none valign_middle\" style=\"--vwrapper-gap:0rem\"><div class=\"wpb_text_column\"><div class=\"wpb_wrapper\"><h3>Tom\u00e1\u0161 Vavre\u010dka<\/h3>\n<\/div><\/div><div class=\"w-text us_custom_20a271c6\"><span class=\"w-text-h\"><span class=\"w-text-value\">Partner<\/span><\/span><\/div><\/div><div class=\"w-socials us_custom_6b888f2b socky-o-nas color_link shape_circle style_colored hover_fade\"><div class=\"w-socials-list\"><div class=\"w-socials-item linkedin\"><a target=\"_blank\" href=\"https:\/\/www.linkedin.com\/in\/tomas-vavrecka\/\" class=\"w-socials-item-link\" aria-label=\"LinkedIn\" rel=\"noopener\"><span class=\"w-socials-item-link-hover\"><\/span><i class=\"fab fa-linkedin\"><\/i><\/a><\/div><\/div><\/div><\/div><div class=\"w-separator hide_on_tablets size_custom\" style=\"height:1rem\"><\/div><div class=\"wpb_text_column text-o-nas hide_on_tablets with_collapsible_content\" data-content-height=\"68px\"><div class=\"wpb_wrapper\"><p>Tom\u00e1\u0161 pracuje v&nbsp;oblasti komer\u010dn\u00edch nemovitost\u00ed ji\u017e v\u00edce ne\u017e 25 let a&nbsp;za tu dobu z\u00edskal bohat\u00e9 zku\u0161enosti v&nbsp;oblasti facility managementu, spr\u00e1vy nemovitost\u00ed, investi\u010dn\u00edch trh\u016f a&nbsp;p\u0159edev\u0161\u00edm v&nbsp;oblasti maloobchodn\u00edho leasingu, kter\u00fd se stal jeho obl\u00edbenou discipl\u00ednou.<\/p>\n<p>Sv\u00e9 zku\u0161enosti s&nbsp;pron\u00e1jmem maloobchodn\u00edch prostor zah\u00e1jil ve spole\u010dnosti Reflecta development jako mana\u017eer pron\u00e1jmu a&nbsp;pozd\u011bji (v&nbsp;roce 2013) nastoupil do t\u00fdmu pron\u00e1jmu maloobchodn\u00edch prostor ve spole\u010dnosti Cushman &amp; Wakefield, kde byl zodpov\u011bdn\u00fd za zastupov\u00e1n\u00ed maloobchodn\u00edch n\u00e1jemc\u016f a&nbsp;tak\u00e9 za pron\u00e1jem nejlep\u0161\u00edch lokalit na hlavn\u00ed t\u0159\u00edd\u011b. B\u011bhem sv\u00e9ho dlouholet\u00e9ho p\u016fsoben\u00ed ve spole\u010dnosti C&amp;W uzav\u0159el zna\u010dn\u00fd po\u010det vynikaj\u00edc\u00edch transakc\u00ed a&nbsp;stal se uzn\u00e1van\u00fdm profesion\u00e1lem v&nbsp;oblasti pron\u00e1jmu.<\/p>\n<p>Tom\u00e1\u0161 nastoupil do spole\u010dnosti RAF Advisory jako Equity Partner v&nbsp;roce 2021 a&nbsp;od t\u00e9 doby rozv\u00edj\u00ed p\u0159edev\u0161\u00edm sektor pron\u00e1jmu na high street, ale jedn\u00e1 tak\u00e9 pro vybran\u00e9 klienty na stran\u011b n\u00e1jemc\u016f.<\/p>\n<\/div><div class=\"toggle-links align_none\"><button class=\"collapsible-content-more\">V\u00edce informac\u00ed<\/button><button class=\"collapsible-content-less\">M\u00e9n\u011b informac\u00ed<\/button><\/div><\/div><\/div><\/div><\/div><div class=\"vc_col-sm-12 wpb_column vc_column_container hide_on_default hide_on_laptops hide_on_mobiles\"><div class=\"vc_column-inner us_custom_2d32c5b4\"><div class=\"wpb_wrapper\"><div class=\"wpb_text_column text-o-nas with_collapsible_content\" data-content-height=\"68px\"><div class=\"wpb_wrapper\"><p>Tom\u00e1\u0161 pracuje v&nbsp;oblasti komer\u010dn\u00edch nemovitost\u00ed ji\u017e v\u00edce ne\u017e 25 let a&nbsp;za tu dobu z\u00edskal bohat\u00e9 zku\u0161enosti v&nbsp;oblasti facility managementu, spr\u00e1vy nemovitost\u00ed, investi\u010dn\u00edch trh\u016f a&nbsp;p\u0159edev\u0161\u00edm v&nbsp;oblasti maloobchodn\u00edho leasingu, kter\u00fd se stal jeho obl\u00edbenou discipl\u00ednou.<\/p>\n<p>Sv\u00e9 zku\u0161enosti s&nbsp;pron\u00e1jmem maloobchodn\u00edch prostor zah\u00e1jil ve spole\u010dnosti Reflecta development jako mana\u017eer pron\u00e1jmu a&nbsp;pozd\u011bji (v&nbsp;roce 2013) nastoupil do t\u00fdmu pron\u00e1jmu maloobchodn\u00edch prostor ve spole\u010dnosti Cushman &amp; Wakefield, kde byl zodpov\u011bdn\u00fd za zastupov\u00e1n\u00ed maloobchodn\u00edch n\u00e1jemc\u016f a&nbsp;tak\u00e9 za pron\u00e1jem nejlep\u0161\u00edch lokalit na hlavn\u00ed t\u0159\u00edd\u011b. B\u011bhem sv\u00e9ho dlouholet\u00e9ho p\u016fsoben\u00ed ve spole\u010dnosti C&amp;W uzav\u0159el zna\u010dn\u00fd po\u010det vynikaj\u00edc\u00edch transakc\u00ed a&nbsp;stal se uzn\u00e1van\u00fdm profesion\u00e1lem v&nbsp;oblasti pron\u00e1jmu.<\/p>\n<p>Tom\u00e1\u0161 nastoupil do spole\u010dnosti RAF Advisory jako Equity Partner v&nbsp;roce 2021 a&nbsp;od t\u00e9 doby rozv\u00edj\u00ed p\u0159edev\u0161\u00edm sektor pron\u00e1jmu na high street, ale jedn\u00e1 tak\u00e9 pro vybran\u00e9 klienty na stran\u011b n\u00e1jemc\u016f.<\/p>\n<\/div><div class=\"toggle-links align_none\"><button class=\"collapsible-content-more\">V\u00edce informac\u00ed<\/button><button class=\"collapsible-content-less\">M\u00e9n\u011b informac\u00ed<\/button><\/div><\/div><\/div><\/div><\/div><\/div><div class=\"w-separator size_custom\" style=\"height:1rem\"><\/div><div class=\"g-cols wpb_row us_custom_44390759 us_animate_this via_flex valign_middle type_boxes stacking_default\"><div class=\"vc_col-sm-6 vc_col-md-4 wpb_column vc_column_container has_bg_color\"><div class=\"vc_column-inner us_custom_5745f296\"><div class=\"wpb_wrapper\"><\/div><\/div><\/div><div class=\"vc_col-sm-6 vc_col-md-8 wpb_column vc_column_container\"><div class=\"vc_column-inner us_custom_e99ad3b4\"><div class=\"wpb_wrapper\"><div class=\"w-hwrapper us_custom_b5445c86 medailonek valign_middle wrap default_align_justify laptops_align_justify tablets_align_left mobiles_align_left\" style=\"--hwrapper-gap:1rem\"><div class=\"w-vwrapper align_none valign_middle\" style=\"--vwrapper-gap:0rem\"><div class=\"wpb_text_column\"><div class=\"wpb_wrapper\"><h3>Jan <span>Vosl\u00e1\u0159<\/span><\/h3>\n<\/div><\/div><div class=\"w-text us_custom_20a271c6\"><span class=\"w-text-h\"><span class=\"w-text-value\">Partner<\/span><\/span><\/div><\/div><div class=\"w-socials us_custom_6b888f2b socky-o-nas color_link shape_circle style_colored hover_fade\"><div class=\"w-socials-list\"><div class=\"w-socials-item linkedin\"><a target=\"_blank\" href=\"https:\/\/www.linkedin.com\/in\/janvoslar\/\" class=\"w-socials-item-link\" aria-label=\"LinkedIn\" rel=\"noopener\"><span class=\"w-socials-item-link-hover\"><\/span><i class=\"fab fa-linkedin\"><\/i><\/a><\/div><\/div><\/div><\/div><div class=\"w-separator hide_on_tablets size_custom\" style=\"height:1rem\"><\/div><div class=\"wpb_text_column text-o-nas hide_on_tablets with_collapsible_content\" data-content-height=\"68px\"><div class=\"wpb_wrapper\"><p>Jan zah\u00e1jil svou kari\u00e9ru v&nbsp;oblasti komer\u010dn\u00edch nemovitost\u00ed ihned po&nbsp;absolvov\u00e1n\u00ed vysok\u00e9 \u0161koly, kdy\u017e nastoupil do spole\u010dnosti Cushman &amp; Wakefield jako konzultant se zam\u011b\u0159en\u00edm na pron\u00e1jem obchod\u016f v&nbsp;Praze, Brn\u011b a&nbsp;dal\u0161\u00edch region\u00e1ln\u00edch m\u011bstech \u010cesk\u00e9 republiky.<\/p>\n<p>B\u011bhem sv\u00e9 t\u00e9m\u011b\u0159 osmn\u00e1ctilet\u00e9 kari\u00e9ry v&nbsp;C&amp;W byl jako partner zodpov\u011bdn\u00fd za chod a&nbsp;rozvoj t\u00fdmu pron\u00e1jmu maloobchodn\u00edch prostor na Highstreet, pozd\u011bji tak\u00e9 t\u00fdmu zastupov\u00e1n\u00ed n\u00e1jemc\u016f maloobchodn\u00edch prostor pro celou st\u0159edn\u00ed a&nbsp;v\u00fdchodn\u00ed Evropu. Jan m\u00e1 tak\u00e9 jedine\u010dn\u00e9 zku\u0161enosti s&nbsp;pron\u00e1jmem specifick\u00fdch outletov\u00fdch projekt\u016f.<\/p>\n<p>B\u011bhem sv\u00e9ho p\u016fsoben\u00ed ve spole\u010dnosti C&amp;W se Jan stal jedn\u00edm z&nbsp;nejuzn\u00e1van\u011bj\u0161\u00edch odborn\u00edk\u016f v&nbsp;oboru a&nbsp;koncem roku 2024 se p\u0159ipoj\u00ed k&nbsp;t\u00fdmu RAF Advisory jako Equity Partner, aby podpo\u0159il dal\u0161\u00ed r\u016fst spole\u010dnosti.<\/p>\n<\/div><div class=\"toggle-links align_none\"><button class=\"collapsible-content-more\">V\u00edce informac\u00ed<\/button><button class=\"collapsible-content-less\">M\u00e9n\u011b informac\u00ed<\/button><\/div><\/div><\/div><\/div><\/div><div class=\"vc_col-sm-12 wpb_column vc_column_container hide_on_default hide_on_laptops hide_on_mobiles\"><div class=\"vc_column-inner us_custom_2d32c5b4\"><div class=\"wpb_wrapper\"><div class=\"wpb_text_column text-o-nas with_collapsible_content\" data-content-height=\"68px\"><div class=\"wpb_wrapper\"><p>Jan zah\u00e1jil svou kari\u00e9ru v&nbsp;oblasti komer\u010dn\u00edch nemovitost\u00ed ihned po&nbsp;absolvov\u00e1n\u00ed vysok\u00e9 \u0161koly, kdy\u017e nastoupil do spole\u010dnosti Cushman &amp; Wakefield jako konzultant se zam\u011b\u0159en\u00edm na pron\u00e1jem obchod\u016f v&nbsp;Praze, Brn\u011b a&nbsp;dal\u0161\u00edch region\u00e1ln\u00edch m\u011bstech \u010cesk\u00e9 republiky.<\/p>\n<p>B\u011bhem sv\u00e9 t\u00e9m\u011b\u0159 osmn\u00e1ctilet\u00e9 kari\u00e9ry v&nbsp;C&amp;W byl jako partner zodpov\u011bdn\u00fd za chod a&nbsp;rozvoj t\u00fdmu pron\u00e1jmu maloobchodn\u00edch prostor na Highstreet, pozd\u011bji tak\u00e9 t\u00fdmu zastupov\u00e1n\u00ed n\u00e1jemc\u016f maloobchodn\u00edch prostor pro celou st\u0159edn\u00ed a&nbsp;v\u00fdchodn\u00ed Evropu. Jan m\u00e1 tak\u00e9 jedine\u010dn\u00e9 zku\u0161enosti s&nbsp;pron\u00e1jmem specifick\u00fdch outletov\u00fdch projekt\u016f.<\/p>\n<p>B\u011bhem sv\u00e9ho p\u016fsoben\u00ed ve spole\u010dnosti C&amp;W se Jan stal jedn\u00edm z&nbsp;nejuzn\u00e1van\u011bj\u0161\u00edch odborn\u00edk\u016f v&nbsp;oboru a&nbsp;koncem roku 2024 se p\u0159ipoj\u00ed k&nbsp;t\u00fdmu RAF Advisory jako Equity Partner, aby podpo\u0159il dal\u0161\u00ed r\u016fst spole\u010dnosti.<\/p>\n<\/div><div class=\"toggle-links align_none\"><button class=\"collapsible-content-more\">V\u00edce informac\u00ed<\/button><button class=\"collapsible-content-less\">M\u00e9n\u011b informac\u00ed<\/button><\/div><\/div><\/div><\/div><\/div><\/div><div class=\"w-separator size_custom\" style=\"height:1rem\"><\/div><div class=\"g-cols wpb_row us_custom_44390759 us_animate_this via_flex valign_middle type_boxes stacking_default\"><div class=\"vc_col-sm-6 vc_col-md-4 wpb_column vc_column_container has_bg_color\"><div class=\"vc_column-inner us_custom_590b3847\"><div class=\"wpb_wrapper\"><\/div><\/div><\/div><div class=\"vc_col-sm-6 vc_col-md-8 wpb_column vc_column_container\"><div class=\"vc_column-inner us_custom_e99ad3b4\"><div class=\"wpb_wrapper\"><div class=\"w-hwrapper us_custom_b5445c86 medailonek valign_middle wrap default_align_justify laptops_align_justify tablets_align_left mobiles_align_left\" style=\"--hwrapper-gap:1rem\"><div class=\"w-vwrapper align_none valign_middle\" style=\"--vwrapper-gap:0rem\"><div class=\"wpb_text_column\"><div class=\"wpb_wrapper\"><h3>Jana \u0160ev\u010d\u00edkov\u00e1<\/h3>\n<\/div><\/div><div class=\"w-text us_custom_20a271c6\"><span class=\"w-text-h\"><span class=\"w-text-value\">Lead Shopping Centers Leasing<\/span><\/span><\/div><\/div><div class=\"w-socials us_custom_6b888f2b socky-o-nas color_link shape_circle style_colored hover_fade\"><div class=\"w-socials-list\"><div class=\"w-socials-item linkedin\"><a target=\"_blank\" href=\"https:\/\/www.linkedin.com\/in\/jana-\u0161ev\u010d\u00edkov\u00e1-8906a2320\/\" class=\"w-socials-item-link\" aria-label=\"LinkedIn\" rel=\"noopener\"><span class=\"w-socials-item-link-hover\"><\/span><i class=\"fab fa-linkedin\"><\/i><\/a><\/div><\/div><\/div><\/div><div class=\"w-separator hide_on_tablets size_custom\" style=\"height:1rem\"><\/div><div class=\"wpb_text_column text-o-nas hide_on_tablets with_collapsible_content\" data-content-height=\"68px\"><div class=\"wpb_wrapper\"><p>V\u00edce ne\u017e 10 let p\u016fsobila Jana v&nbsp;b2b byznysu na r\u016fzn\u00fdch pozic\u00edch, pracovala jako mana\u017eerka call centra jedn\u00e9 z&nbsp;nejv\u011bt\u0161\u00edch \u010desk\u00fdch realitn\u00edch kancel\u00e1\u0159\u00ed a&nbsp;nakonec zalo\u017eila vlastn\u00ed marketingovou agenturu a&nbsp;realitn\u00ed kancel\u00e1\u0159.<\/p>\n<p>Po mate\u0159sk\u00e9 dovolen\u00e9 nastoupila do RAF Advisory na pozici Leasing Consultant a&nbsp;rychle se stala v\u00fdznamnou sou\u010d\u00e1st\u00ed dynamick\u00e9ho t\u00fdmu, kdy\u017e jen b\u011bhem prvn\u00edch dvou m\u011bs\u00edc\u016f uzav\u0159ela prvn\u00edch 5 transakc\u00ed.<\/p>\n<p>Jana m\u00e1 ve sv\u00e9 DNA \u00fa\u017easn\u00fd obchodn\u00ed talent a&nbsp;odhodl\u00e1n\u00ed.<\/p>\n<\/div><div class=\"toggle-links align_none\"><button class=\"collapsible-content-more\">V\u00edce informac\u00ed<\/button><button class=\"collapsible-content-less\">M\u00e9n\u011b informac\u00ed<\/button><\/div><\/div><\/div><\/div><\/div><div class=\"vc_col-sm-12 wpb_column vc_column_container hide_on_default hide_on_laptops hide_on_mobiles\"><div class=\"vc_column-inner us_custom_2d32c5b4\"><div class=\"wpb_wrapper\"><div class=\"wpb_text_column text-o-nas with_collapsible_content\" data-content-height=\"68px\"><div class=\"wpb_wrapper\"><p>V\u00edce ne\u017e 10 let p\u016fsobila Jana v&nbsp;b2b byznysu na r\u016fzn\u00fdch pozic\u00edch, pracovala jako mana\u017eerka call centra jedn\u00e9 z&nbsp;nejv\u011bt\u0161\u00edch \u010desk\u00fdch realitn\u00edch kancel\u00e1\u0159\u00ed a&nbsp;nakonec zalo\u017eila vlastn\u00ed marketingovou agenturu a&nbsp;realitn\u00ed kancel\u00e1\u0159.<\/p>\n<p>Po mate\u0159sk\u00e9 dovolen\u00e9 nastoupila do RAF Advisory na pozici Leasing Consultant a&nbsp;rychle se stala v\u00fdznamnou sou\u010d\u00e1st\u00ed dynamick\u00e9ho t\u00fdmu, kdy\u017e jen b\u011bhem prvn\u00edch dvou m\u011bs\u00edc\u016f uzav\u0159ela prvn\u00edch 5 transakc\u00ed.<\/p>\n<p>Jana m\u00e1 ve sv\u00e9 DNA \u00fa\u017easn\u00fd obchodn\u00ed talent a&nbsp;odhodl\u00e1n\u00ed.<\/p>\n<\/div><div class=\"toggle-links align_none\"><button class=\"collapsible-content-more\">V\u00edce informac\u00ed<\/button><button class=\"collapsible-content-less\">M\u00e9n\u011b informac\u00ed<\/button><\/div><\/div><\/div><\/div><\/div><\/div><div class=\"w-separator size_custom\" style=\"height:1rem\"><\/div><div class=\"g-cols wpb_row us_custom_44390759 us_animate_this via_flex valign_middle type_boxes stacking_default\"><div class=\"vc_col-sm-6 vc_col-md-4 wpb_column vc_column_container has_bg_color\"><div class=\"vc_column-inner us_custom_d84aef54\"><div class=\"wpb_wrapper\"><\/div><\/div><\/div><div class=\"vc_col-sm-6 vc_col-md-8 wpb_column vc_column_container\"><div class=\"vc_column-inner us_custom_e99ad3b4\"><div class=\"wpb_wrapper\"><div class=\"w-hwrapper us_custom_b5445c86 medailonek valign_middle wrap default_align_justify laptops_align_justify tablets_align_left mobiles_align_left\" style=\"--hwrapper-gap:1rem\"><div class=\"w-vwrapper align_none valign_middle\" style=\"--vwrapper-gap:0rem\"><div class=\"wpb_text_column\"><div class=\"wpb_wrapper\"><h3>Petr \u0158epa<\/h3>\n<\/div><\/div><div class=\"w-text us_custom_20a271c6\"><span class=\"w-text-h\"><span class=\"w-text-value\">Director | High Street Retail Leasing<\/span><\/span><\/div><\/div><div class=\"w-socials us_custom_6b888f2b socky-o-nas color_link shape_circle style_colored hover_fade\"><div class=\"w-socials-list\"><div class=\"w-socials-item linkedin\"><a target=\"_blank\" href=\"https:\/\/www.linkedin.com\/in\/petr-repa91\" class=\"w-socials-item-link\" aria-label=\"LinkedIn\" rel=\"noopener\"><span class=\"w-socials-item-link-hover\"><\/span><i class=\"fab fa-linkedin\"><\/i><\/a><\/div><\/div><\/div><\/div><div class=\"w-separator hide_on_tablets size_custom\" style=\"height:1rem\"><\/div><div class=\"wpb_text_column text-o-nas hide_on_tablets with_collapsible_content\" data-content-height=\"68px\"><div class=\"wpb_wrapper\"><p>Petr zah\u00e1jil svou kari\u00e9ru po&nbsp;dokon\u010den\u00ed vysok\u00e9 \u0161koly jako business developer ve spole\u010dnosti Global Blue, kde se v&nbsp;r\u00e1mci oblasti \u201etax free\u201c nakupov\u00e1n\u00ed sezn\u00e1mil s&nbsp;prost\u0159ed\u00edm maloobchodu. Sv\u00e9 zku\u0161enosti d\u00e1le rozv\u00edjel v&nbsp;t\u00fdmu Cushman &amp; Wakefield, kde se po&nbsp;dobu \u010dty\u0159 let \u00fasp\u011b\u0161n\u011b v\u011bnoval pron\u00e1jmu maloobchodn\u00edch prostor v&nbsp;centru Prahy. D\u00edky sv\u00fdm dovednostem se rychle stal uzn\u00e1van\u00fdm odborn\u00edkem v&nbsp;oboru a&nbsp;pod\u00edlel se na realizaci mnoha presti\u017en\u00edch transakc\u00ed.<\/p>\n<p>V RAF Advisory nyn\u00ed Petr zodpov\u00edd\u00e1 za vztahy s&nbsp;klienty a&nbsp;pron\u00e1jem maloobchodn\u00edch prostor\u00a0v\u00a0centru\u00a0Prahy.<\/p>\n<\/div><div class=\"toggle-links align_none\"><button class=\"collapsible-content-more\">V\u00edce informac\u00ed<\/button><button class=\"collapsible-content-less\">M\u00e9n\u011b informac\u00ed<\/button><\/div><\/div><\/div><\/div><\/div><div class=\"vc_col-sm-12 wpb_column vc_column_container hide_on_default hide_on_laptops hide_on_mobiles\"><div class=\"vc_column-inner us_custom_2d32c5b4\"><div class=\"wpb_wrapper\"><div class=\"wpb_text_column text-o-nas with_collapsible_content\" data-content-height=\"68px\"><div class=\"wpb_wrapper\"><p>Petr zah\u00e1jil svou kari\u00e9ru po&nbsp;dokon\u010den\u00ed vysok\u00e9 \u0161koly jako business developer ve spole\u010dnosti Global Blue, kde se v&nbsp;r\u00e1mci oblasti \u201etax free\u201c nakupov\u00e1n\u00ed sezn\u00e1mil s&nbsp;prost\u0159ed\u00edm maloobchodu. Sv\u00e9 zku\u0161enosti d\u00e1le rozv\u00edjel v&nbsp;t\u00fdmu Cushman &amp; Wakefield, kde se po&nbsp;dobu \u010dty\u0159 let \u00fasp\u011b\u0161n\u011b v\u011bnoval pron\u00e1jmu maloobchodn\u00edch prostor v&nbsp;centru Prahy. D\u00edky sv\u00fdm dovednostem se rychle stal uzn\u00e1van\u00fdm odborn\u00edkem v&nbsp;oboru a&nbsp;pod\u00edlel se na realizaci mnoha presti\u017en\u00edch transakc\u00ed.<\/p>\n<p>V RAF Advisory nyn\u00ed Petr zodpov\u00edd\u00e1 za vztahy s&nbsp;klienty a&nbsp;pron\u00e1jem maloobchodn\u00edch prostor\u00a0v\u00a0centru\u00a0Prahy.<\/p>\n<\/div><div class=\"toggle-links align_none\"><button class=\"collapsible-content-more\">V\u00edce informac\u00ed<\/button><button class=\"collapsible-content-less\">M\u00e9n\u011b informac\u00ed<\/button><\/div><\/div><\/div><\/div><\/div><\/div><div class=\"w-separator size_custom\" style=\"height:1rem\"><\/div><div class=\"g-cols wpb_row us_custom_44390759 us_animate_this via_flex valign_middle type_boxes stacking_default\"><div class=\"vc_col-sm-6 vc_col-md-4 wpb_column vc_column_container has_bg_color\"><div class=\"vc_column-inner us_custom_7cddf1bb\"><div class=\"wpb_wrapper\"><\/div><\/div><\/div><div class=\"vc_col-sm-6 vc_col-md-8 wpb_column vc_column_container\"><div class=\"vc_column-inner us_custom_e99ad3b4\"><div class=\"wpb_wrapper\"><div class=\"w-hwrapper us_custom_b5445c86 medailonek valign_middle wrap default_align_justify laptops_align_justify tablets_align_left mobiles_align_left\" style=\"--hwrapper-gap:1rem\"><div class=\"w-vwrapper align_none valign_middle\" style=\"--vwrapper-gap:0rem\"><div class=\"wpb_text_column\"><div class=\"wpb_wrapper\"><h3>Martina \u010ctvrtn\u00edkov\u00e1<\/h3>\n<\/div><\/div><div class=\"w-text us_custom_20a271c6\"><span class=\"w-text-h\"><span class=\"w-text-value\">Director | Shopping Centers Leasing<\/span><\/span><\/div><\/div><div class=\"w-socials us_custom_6b888f2b socky-o-nas color_link shape_circle style_colored hover_fade\"><div class=\"w-socials-list\"><div class=\"w-socials-item linkedin\"><a target=\"_blank\" href=\"https:\/\/www.linkedin.com\/in\/martina-\u010dtvrtn\u00edkov\u00e1-401868a6\/\" class=\"w-socials-item-link\" aria-label=\"LinkedIn\" rel=\"noopener\"><span class=\"w-socials-item-link-hover\"><\/span><i class=\"fab fa-linkedin\"><\/i><\/a><\/div><\/div><\/div><\/div><div class=\"w-separator hide_on_tablets size_custom\" style=\"height:1rem\"><\/div><div class=\"wpb_text_column text-o-nas hide_on_tablets with_collapsible_content\" data-content-height=\"68px\"><div class=\"wpb_wrapper\"><p><span>Martina svou kari\u00e9ru v&nbsp;oblasti komer\u010dn\u00edch nemovistost\u00ed zah\u00e1jila ve spole\u010dnosti Cushman &amp; Wakefield, kde se zam\u011b\u0159ovala na pron\u00e1jem a&nbsp;p\u0159estavby n\u00e1kupn\u00edch center. Pozd\u011bji, jako leasing mana\u017eerka ve spole\u010dnosti Corwin, pronaj\u00edmala kancel\u00e1\u0159sk\u00e9 a&nbsp;maloobchodn\u00ed prostory, vyjedn\u00e1vala d\u016fle\u017eit\u00e9 obchodn\u00ed podm\u00ednky a&nbsp;pom\u00e1hala vytv\u00e1\u0159et \u00fasp\u011b\u0161n\u00e9 strategie pron\u00e1jm\u016f pro sv\u011b\u0159en\u00e9 projekty.<\/span><\/p>\n<p><span>Ne\u017e nastoupila do sv\u00e9 sou\u010dasn\u00e9 funkce, pracovala Martina jako asset mana\u017eerka ve spole\u010dnosti 365Invest, kde dohl\u00ed\u017eela na portfolio v&nbsp;hodnot\u011b v\u00edce ne\u017e 500 milion\u016f EUR. \u0158\u00eddila finan\u010dn\u00ed operace, koordinovala t\u00fdmy zab\u00fdvaj\u00edc\u00ed se spr\u00e1vou nemovitost\u00ed i&nbsp;jejich pron\u00e1jmu a&nbsp;prost\u0159ednictv\u00edm strategick\u00e9ho pl\u00e1nov\u00e1n\u00ed a&nbsp;efektivn\u00ed kontroly rozpo\u010dtu podporovala r\u016fst hodnoty majetku.<\/span><\/p>\n<p><span>Nyn\u00ed Martina vyu\u017e\u00edv\u00e1 sv\u00e9 odborn\u00e9 znalosti v&nbsp;oblasti spr\u00e1vy majetku k&nbsp;navrhov\u00e1n\u00ed progresivn\u00edch strategi\u00ed pron\u00e1jmu, kter\u00e9 zvy\u0161uj\u00ed dlouhodobou v\u00fdkonnost a&nbsp;vytv\u00e1\u0159ej\u00ed kvalitn\u00ed maloobchodn\u00ed destinace.<\/span><\/p>\n<\/div><div class=\"toggle-links align_none\"><button class=\"collapsible-content-more\">V\u00edce informac\u00ed<\/button><button class=\"collapsible-content-less\">M\u00e9n\u011b informac\u00ed<\/button><\/div><\/div><\/div><\/div><\/div><div class=\"vc_col-sm-12 wpb_column vc_column_container hide_on_default hide_on_laptops hide_on_mobiles\"><div class=\"vc_column-inner us_custom_2d32c5b4\"><div class=\"wpb_wrapper\"><div class=\"wpb_text_column text-o-nas with_collapsible_content\" data-content-height=\"68px\"><div class=\"wpb_wrapper\"><p><span>Martina svou kari\u00e9ru v&nbsp;oblasti komer\u010dn\u00edch nemovistost\u00ed zah\u00e1jila ve spole\u010dnosti Cushman &amp; Wakefield, kde se zam\u011b\u0159ovala na pron\u00e1jem a&nbsp;p\u0159estavby n\u00e1kupn\u00edch center. Pozd\u011bji, jako leasing mana\u017eerka ve spole\u010dnosti Corwin, pronaj\u00edmala kancel\u00e1\u0159sk\u00e9 a&nbsp;maloobchodn\u00ed prostory, vyjedn\u00e1vala d\u016fle\u017eit\u00e9 obchodn\u00ed podm\u00ednky a&nbsp;pom\u00e1hala vytv\u00e1\u0159et \u00fasp\u011b\u0161n\u00e9 strategie pron\u00e1jm\u016f pro sv\u011b\u0159en\u00e9 projekty.<\/span><\/p>\n<p><span>Ne\u017e nastoupila do sv\u00e9 sou\u010dasn\u00e9 funkce, pracovala Martina jako asset mana\u017eerka ve spole\u010dnosti 365Invest, kde dohl\u00ed\u017eela na portfolio v&nbsp;hodnot\u011b v\u00edce ne\u017e 500 milion\u016f EUR. \u0158\u00eddila finan\u010dn\u00ed operace, koordinovala t\u00fdmy zab\u00fdvaj\u00edc\u00ed se spr\u00e1vou nemovitost\u00ed i&nbsp;jejich pron\u00e1jmu a&nbsp;prost\u0159ednictv\u00edm strategick\u00e9ho pl\u00e1nov\u00e1n\u00ed a&nbsp;efektivn\u00ed kontroly rozpo\u010dtu podporovala r\u016fst hodnoty majetku.<\/span><\/p>\n<p><span>Nyn\u00ed Martina vyu\u017e\u00edv\u00e1 sv\u00e9 odborn\u00e9 znalosti v&nbsp;oblasti spr\u00e1vy majetku k&nbsp;navrhov\u00e1n\u00ed progresivn\u00edch strategi\u00ed pron\u00e1jmu, kter\u00e9 zvy\u0161uj\u00ed dlouhodobou v\u00fdkonnost a&nbsp;vytv\u00e1\u0159ej\u00ed kvalitn\u00ed maloobchodn\u00ed destinace.<\/span><\/p>\n<\/div><div class=\"toggle-links align_none\"><button class=\"collapsible-content-more\">V\u00edce informac\u00ed<\/button><button class=\"collapsible-content-less\">M\u00e9n\u011b informac\u00ed<\/button><\/div><\/div><\/div><\/div><\/div><\/div><\/div><\/div><\/div><\/div><\/div><\/section><section class=\"l-section wpb_row height_auto\"><div class=\"l-section-overlay\" style=\"background:var(--color-header-middle-bg)\"><\/div><div class=\"l-section-h i-cf\"><div class=\"g-cols vc_row via_flex valign_top type_default stacking_default\"><div class=\"vc_col-sm-12 wpb_column vc_column_container\"><div class=\"vc_column-inner\"><div class=\"wpb_wrapper\"><div class=\"w-separator size_huge\"><\/div><div class=\"wpb_text_column us_custom_eb849559\"><div class=\"wpb_wrapper\"><h2>Na\u0161i partne\u0159i &amp;\u00a0klienti<\/h2>\n<\/div><\/div><div class=\"w-separator size_small\"><\/div><div class=\"w-grid us_carousel type_carousel layout_105 preload_style_spinner items_6\" id=\"us_grid_1\" style=\"--items:6;--gap:0.25rem;\"><style>.layout_105 .w-grid-item-h{}.layout_105 .usg_vwrapper_1{transition-duration:0.7s;transform-origin:50% 50%;transform:scale(1) translate(0%,0%)}.layout_105 .w-grid-item-h:focus-within .usg_vwrapper_1,.layout_105 .w-grid-item-h:hover .usg_vwrapper_1{transform:scale(1.02) translate(0%,0%);opacity:1;background:rgba(249,249,249,0.00)!important}.layout_105 .usg_vwrapper_1{border-radius:0.5rem!important;background:#eeeeee!important;padding:0.3rem 0.8rem 0.3rem 0.8rem!important}<\/style><div class=\"w-grid-list owl-carousel valign_stretch dotstyle_circle navstyle_circle arrows-ver-pos_middle arrows-hor-pos_on_sides_outside arrows-disabled_hide owl-responsive-2000\" style=\"--transition-duration:750ms;\">\t<article class=\"w-grid-item post-142 us_testimonial type-us_testimonial status-publish has-post-thumbnail hentry us_testimonial_category-partneri\" data-id=\"142\">\r\n\t\t<div class=\"w-grid-item-h\">\r\n\t\t\t\t\t\t<div class=\"w-vwrapper usg_vwrapper_1 greyscale align_left valign_top\"><div class=\"w-post-elm post_image usg_post_image_1 stretched\"><a target=\"_blank\" href=\"https:\/\/www.rb.cz\/\" aria-label=\"Raiffeisen bank\" rel=\"noopener\"><img decoding=\"async\" src=\"https:\/\/www.rafadvisory.cz\/cs\/wp-content\/uploads\/sites\/4\/2024\/08\/partner-rb.svg\" class=\"attachment-full size-full wp-post-image\" alt=\"\"><\/a><\/div><\/div>\t\t<\/div>\r\n\t\t\t<\/article>\r\n\t<article class=\"w-grid-item post-128 us_testimonial type-us_testimonial status-publish has-post-thumbnail hentry us_testimonial_category-partneri\" data-id=\"128\">\r\n\t\t<div class=\"w-grid-item-h\">\r\n\t\t\t\t\t\t<div class=\"w-vwrapper usg_vwrapper_1 greyscale align_left valign_top\"><div class=\"w-post-elm post_image usg_post_image_1 stretched\"><a target=\"_blank\" href=\"https:\/\/www.fielmann.cz\/\" aria-label=\"Fielmann\" rel=\"noopener\"><img decoding=\"async\" src=\"https:\/\/www.rafadvisory.cz\/cs\/wp-content\/uploads\/sites\/4\/2024\/08\/partner-fielmann.svg\" class=\"attachment-full size-full wp-post-image\" alt=\"\"><\/a><\/div><\/div>\t\t<\/div>\r\n\t\t\t<\/article>\r\n\t<article class=\"w-grid-item post-132 us_testimonial type-us_testimonial status-publish has-post-thumbnail hentry us_testimonial_category-partneri\" data-id=\"132\">\r\n\t\t<div class=\"w-grid-item-h\">\r\n\t\t\t\t\t\t<div class=\"w-vwrapper usg_vwrapper_1 greyscale align_left valign_top\"><div class=\"w-post-elm post_image usg_post_image_1 stretched\"><a target=\"_blank\" href=\"https:\/\/www.iwant.cz\/\" aria-label=\"iWant\" rel=\"noopener\"><img decoding=\"async\" src=\"https:\/\/www.rafadvisory.cz\/cs\/wp-content\/uploads\/sites\/4\/2024\/08\/partner-iwant.svg\" class=\"attachment-full size-full wp-post-image\" alt=\"\"><\/a><\/div><\/div>\t\t<\/div>\r\n\t\t\t<\/article>\r\n\t<article class=\"w-grid-item post-146 us_testimonial type-us_testimonial status-publish has-post-thumbnail hentry us_testimonial_category-partneri\" data-id=\"146\">\r\n\t\t<div class=\"w-grid-item-h\">\r\n\t\t\t\t\t\t<div class=\"w-vwrapper usg_vwrapper_1 greyscale align_left valign_top\"><div class=\"w-post-elm post_image usg_post_image_1 stretched\"><a target=\"_blank\" href=\"https:\/\/www.smarty.cz\/\" aria-label=\"smarty.cz\" rel=\"noopener\"><img decoding=\"async\" src=\"https:\/\/www.rafadvisory.cz\/cs\/wp-content\/uploads\/sites\/4\/2024\/08\/partner-smarty.svg\" class=\"attachment-full size-full wp-post-image\" alt=\"\"><\/a><\/div><\/div>\t\t<\/div>\r\n\t\t\t<\/article>\r\n\t<article class=\"w-grid-item post-130 us_testimonial type-us_testimonial status-publish has-post-thumbnail hentry us_testimonial_category-partneri\" data-id=\"130\">\r\n\t\t<div class=\"w-grid-item-h\">\r\n\t\t\t\t\t\t<div class=\"w-vwrapper usg_vwrapper_1 greyscale align_left valign_top\"><div class=\"w-post-elm post_image usg_post_image_1 stretched\"><a target=\"_blank\" href=\"https:\/\/www.investika.cz\/\" aria-label=\"iNVESTiKA\" rel=\"noopener\"><img decoding=\"async\" src=\"https:\/\/www.rafadvisory.cz\/cs\/wp-content\/uploads\/sites\/4\/2024\/08\/partner-investika.svg\" class=\"attachment-full size-full wp-post-image\" alt=\"\"><\/a><\/div><\/div>\t\t<\/div>\r\n\t\t\t<\/article>\r\n\t<article class=\"w-grid-item post-153 us_testimonial type-us_testimonial status-publish has-post-thumbnail hentry us_testimonial_category-partneri\" data-id=\"153\">\r\n\t\t<div class=\"w-grid-item-h\">\r\n\t\t\t\t\t\t<div class=\"w-vwrapper usg_vwrapper_1 greyscale align_left valign_top\"><div class=\"w-post-elm post_image usg_post_image_1 stretched\"><a target=\"_blank\" href=\"https:\/\/www.galerie-butovice.cz\/\" aria-label=\"Galerie Butovice\" rel=\"noopener\"><img loading=\"lazy\" decoding=\"async\" width=\"200\" height=\"80\" src=\"https:\/\/www.rafadvisory.cz\/cs\/wp-content\/uploads\/sites\/4\/2024\/01\/partner-butovice-2.webp\" class=\"attachment-full size-full wp-post-image\" alt=\"\"><\/a><\/div><\/div>\t\t<\/div>\r\n\t\t\t<\/article>\r\n\t<article class=\"w-grid-item post-138 us_testimonial type-us_testimonial status-publish has-post-thumbnail hentry us_testimonial_category-partneri\" data-id=\"138\">\r\n\t\t<div class=\"w-grid-item-h\">\r\n\t\t\t\t\t\t<div class=\"w-vwrapper usg_vwrapper_1 greyscale align_left valign_top\"><div class=\"w-post-elm post_image usg_post_image_1 stretched\"><a target=\"_blank\" href=\"https:\/\/www.palladiumpraha.cz\/\" aria-label=\"Palladium\" rel=\"noopener\"><img decoding=\"async\" src=\"https:\/\/www.rafadvisory.cz\/cs\/wp-content\/uploads\/sites\/4\/2024\/08\/partner-palladium.svg\" class=\"attachment-full size-full wp-post-image\" alt=\"\"><\/a><\/div><\/div>\t\t<\/div>\r\n\t\t\t<\/article>\r\n\t<article class=\"w-grid-item post-136 us_testimonial type-us_testimonial status-publish has-post-thumbnail hentry us_testimonial_category-partneri\" data-id=\"136\">\r\n\t\t<div class=\"w-grid-item-h\">\r\n\t\t\t\t\t\t<div class=\"w-vwrapper usg_vwrapper_1 greyscale align_left valign_top\"><div class=\"w-post-elm post_image usg_post_image_1 stretched\"><a target=\"_blank\" href=\"https:\/\/myslbek.com\/\" aria-label=\"Myslbek\" rel=\"noopener\"><img decoding=\"async\" src=\"https:\/\/www.rafadvisory.cz\/cs\/wp-content\/uploads\/sites\/4\/2024\/08\/partner-myslbek.svg\" class=\"attachment-full size-full wp-post-image\" alt=\"\"><\/a><\/div><\/div>\t\t<\/div>\r\n\t\t\t<\/article>\r\n\t<article class=\"w-grid-item post-126 us_testimonial type-us_testimonial status-publish has-post-thumbnail hentry us_testimonial_category-partneri\" data-id=\"126\">\r\n\t\t<div class=\"w-grid-item-h\">\r\n\t\t\t\t\t\t<div class=\"w-vwrapper usg_vwrapper_1 greyscale align_left valign_top\"><div class=\"w-post-elm post_image usg_post_image_1 stretched\"><a target=\"_blank\" href=\"https:\/\/www.europark.cz\/\" aria-label=\"Europark\" rel=\"noopener\"><img decoding=\"async\" src=\"https:\/\/www.rafadvisory.cz\/cs\/wp-content\/uploads\/sites\/4\/2024\/08\/partner-europark.svg\" class=\"attachment-full size-full wp-post-image\" alt=\"\"><\/a><\/div><\/div>\t\t<\/div>\r\n\t\t\t<\/article>\r\n\t<article class=\"w-grid-item post-134 us_testimonial type-us_testimonial status-publish has-post-thumbnail hentry us_testimonial_category-partneri\" data-id=\"134\">\r\n\t\t<div class=\"w-grid-item-h\">\r\n\t\t\t\t\t\t<div class=\"w-vwrapper usg_vwrapper_1 greyscale align_left valign_top\"><div class=\"w-post-elm post_image usg_post_image_1 stretched\"><a target=\"_blank\" href=\"https:\/\/www.lagardere-tr.cz\/cs\/\" aria-label=\"Lagardere\" rel=\"noopener\"><img decoding=\"async\" src=\"https:\/\/www.rafadvisory.cz\/cs\/wp-content\/uploads\/sites\/4\/2024\/08\/partner-lagardere.svg\" class=\"attachment-full size-full wp-post-image\" alt=\"\"><\/a><\/div><\/div>\t\t<\/div>\r\n\t\t\t<\/article>\r\n\t<article class=\"w-grid-item post-144 us_testimonial type-us_testimonial status-publish has-post-thumbnail hentry us_testimonial_category-partneri\" data-id=\"144\">\r\n\t\t<div class=\"w-grid-item-h\">\r\n\t\t\t\t\t\t<div class=\"w-vwrapper usg_vwrapper_1 greyscale align_left valign_top\"><div class=\"w-post-elm post_image usg_post_image_1 stretched\"><a target=\"_blank\" href=\"https:\/\/www.rossmann.cz\/\" aria-label=\"Rossmann\" rel=\"noopener\"><img decoding=\"async\" src=\"https:\/\/www.rafadvisory.cz\/cs\/wp-content\/uploads\/sites\/4\/2024\/08\/partner-rossmann.svg\" class=\"attachment-full size-full wp-post-image\" alt=\"\"><\/a><\/div><\/div>\t\t<\/div>\r\n\t\t\t<\/article>\r\n\t<article class=\"w-grid-item post-140 us_testimonial type-us_testimonial status-publish has-post-thumbnail hentry us_testimonial_category-partneri\" data-id=\"140\">\r\n\t\t<div class=\"w-grid-item-h\">\r\n\t\t\t\t\t\t<div class=\"w-vwrapper usg_vwrapper_1 greyscale align_left valign_top\"><div class=\"w-post-elm post_image usg_post_image_1 stretched\"><a target=\"_blank\" href=\"https:\/\/www.popeyes.com\/\" aria-label=\"Popeyes\" rel=\"noopener\"><img decoding=\"async\" src=\"https:\/\/www.rafadvisory.cz\/cs\/wp-content\/uploads\/sites\/4\/2024\/08\/partner-popeyes.svg\" class=\"attachment-full size-full wp-post-image\" alt=\"\"><\/a><\/div><\/div>\t\t<\/div>\r\n\t\t\t<\/article>\r\n\t<article class=\"w-grid-item post-150 us_testimonial type-us_testimonial status-publish has-post-thumbnail hentry us_testimonial_category-partneri\" data-id=\"150\">\r\n\t\t<div class=\"w-grid-item-h\">\r\n\t\t\t\t\t\t<div class=\"w-vwrapper usg_vwrapper_1 greyscale align_left valign_top\"><div class=\"w-post-elm post_image usg_post_image_1 stretched\"><a target=\"_blank\" href=\"https:\/\/www.starbucksathome.com\/cz\/\" aria-label=\"Starbucks\" rel=\"noopener\"><img decoding=\"async\" src=\"https:\/\/www.rafadvisory.cz\/cs\/wp-content\/uploads\/sites\/4\/2024\/08\/partner-starbucks.svg\" class=\"attachment-full size-full wp-post-image\" alt=\"\"><\/a><\/div><\/div>\t\t<\/div>\r\n\t\t\t<\/article>\r\n<\/div><div class=\"w-grid-carousel-json hidden\" onclick='return {&quot;carousel_settings&quot;:{&quot;aria_labels&quot;:{&quot;prev&quot;:&quot;P\\u0159edchoz\\u00ed&quot;,&quot;next&quot;:&quot;Dal\\u0161\\u00ed&quot;},&quot;autoplayContinual&quot;:false,&quot;autoplayHoverPause&quot;:false,&quot;autoplayTimeout&quot;:3000,&quot;autoWidth&quot;:false,&quot;smartSpeed&quot;:750,&quot;margin&quot;:0,&quot;mouseDrag&quot;:true,&quot;rtl&quot;:false,&quot;slideBy&quot;:&quot;1&quot;,&quot;touchDrag&quot;:true,&quot;slideTransition&quot;:&quot;cubic-bezier(.17,.67,.83,.67)&quot;,&quot;responsive&quot;:{&quot;0&quot;:{&quot;autoHeight&quot;:false,&quot;autoplay&quot;:true,&quot;autoWidth&quot;:false,&quot;center&quot;:false,&quot;dots&quot;:false,&quot;items&quot;:2,&quot;loop&quot;:true,&quot;nav&quot;:false,&quot;stagePadding&quot;:0,&quot;slideBy&quot;:&quot;1&quot;},&quot;768&quot;:{&quot;autoHeight&quot;:false,&quot;autoplay&quot;:true,&quot;autoWidth&quot;:false,&quot;center&quot;:false,&quot;dots&quot;:false,&quot;items&quot;:3,&quot;loop&quot;:true,&quot;nav&quot;:false,&quot;stagePadding&quot;:0,&quot;slideBy&quot;:&quot;1&quot;},&quot;1024&quot;:{&quot;autoHeight&quot;:false,&quot;autoplay&quot;:true,&quot;autoWidth&quot;:false,&quot;center&quot;:false,&quot;dots&quot;:false,&quot;items&quot;:4,&quot;loop&quot;:true,&quot;nav&quot;:false,&quot;stagePadding&quot;:0,&quot;slideBy&quot;:&quot;1&quot;},&quot;1381&quot;:{&quot;items&quot;:6,&quot;autoplay&quot;:true,&quot;center&quot;:false,&quot;dots&quot;:false,&quot;nav&quot;:false,&quot;autoHeight&quot;:false,&quot;autoWidth&quot;:false,&quot;loop&quot;:true,&quot;stagePadding&quot;:0}}}}'><\/div><\/div><div class=\"w-separator size_medium\"><\/div><\/div><\/div><\/div><\/div><\/div><\/section><section class=\"l-section wpb_row us_custom_8070a896 height_auto width_full\"><div class=\"l-section-h i-cf\"><div class=\"g-cols vc_row via_flex valign_top type_default stacking_default\"><div class=\"vc_col-sm-12 wpb_column vc_column_container\"><div class=\"vc_column-inner us_custom_49dbe721\"><div class=\"vc_column-overlay\" style=\"background:#ffffff\"><\/div><div class=\"wpb_wrapper\"><\/div><\/div><\/div><\/div><\/div><\/section>\n","protected":false},"excerpt":{"rendered":"","protected":false},"author":1,"featured_media":0,"parent":0,"menu_order":1,"comment_status":"closed","ping_status":"closed","template":"","meta":{"footnotes":""},"class_list":["post-48","page","type-page","status-publish","hentry"],"_links":{"self":[{"href":"https:\/\/www.rafadvisory.cz\/cs\/wp-json\/wp\/v2\/pages\/48","targetHints":{"allow":["GET"]}}],"collection":[{"href":"https:\/\/www.rafadvisory.cz\/cs\/wp-json\/wp\/v2\/pages"}],"about":[{"href":"https:\/\/www.rafadvisory.cz\/cs\/wp-json\/wp\/v2\/types\/page"}],"author":[{"embeddable":true,"href":"https:\/\/www.rafadvisory.cz\/cs\/wp-json\/wp\/v2\/users\/1"}],"replies":[{"embeddable":true,"href":"https:\/\/www.rafadvisory.cz\/cs\/wp-json\/wp\/v2\/comments?post=48"}],"version-history":[{"count":0,"href":"https:\/\/www.rafadvisory.cz\/cs\/wp-json\/wp\/v2\/pages\/48\/revisions"}],"wp:attachment":[{"href":"https:\/\/www.rafadvisory.cz\/cs\/wp-json\/wp\/v2\/media?parent=48"}],"curies":[{"name":"wp","href":"https:\/\/api.w.org\/{rel}","templated":true}]}}